{"version":"1.0","provider_name":"Berlin Style","provider_url":"https:\/\/karafiathorsolya.cafeblog.hu","author_name":"Cafeblog","author_url":"https:\/\/karafiathorsolya.cafeblog.hu\/author\/admin-2\/","title":"Shoppingolni j\u00f3!","html":"<strong id=\"internal-source-marker_0.4750569548923522\"><strong id=\"internal-source-marker_0.4750569548923522\">\u00c9s itt azt\u00e1n lehet is. Nincs az az kereslet, amire ne akadna k\u00edn\u00e1lat. \u00c9s ez n\u00e9ha zavarba ejt\u0151. Ha tan\u00e1csolhatom, az els\u0151 napokban ink\u00e1bb csak n\u00e9zel\u0151dj\u00fcnk, a komoly\u00a0<\/strong>d\u00f6nt\u00e9seket hagyjuk a v\u00e9g\u00e9re.<\/strong>\r\n\r\n<strong id=\"internal-source-marker_0.4750569548923522\">Tervez\u0151k, designbutikok<\/strong>\r\n\r\nA nagy m\u00e1rk\u00e1kat a k\u00e9t f\u0151 s\u00e9t\u00e1l\u00f3 \u2013\u00e9s bev\u00e1s\u00e1rl\u00f3 utc\u00e1ban, a Friedrichstrasse-n \u00e9s a Kurf\u00fcrsterdamm-on keress\u00fck, illetve a nagy\u00e1ruh\u00e1zakban. A <a href=\"http:\/\/www.kadewe.de\">KaDeWe<\/a>\u00a0a r\u00e9gi nyugat legend\u00e1s \u00e1ruh\u00e1za, \u00e9s eml\u00edtenem kell a <a href=\"http:\/\/www.galerieslafayette.de\/\">Lafayette<\/a>, a <a href=\"http:\/\/www.galeria-kaufhof.de\/filialen\/berlin-alexanderplatz\/\">Galeria Kaufhof<\/a>\u00a0\u00e9s a <a href=\"http:\/\/www.karstadt.de\">Karstadt<\/a>\u00a0nev\u00e9t is.\r\n\r\n[caption id=\"attachment_321\" align=\"alignleft\" width=\"300\"]<a href=\"https:\/\/karafiathorsolya.cafeblog.hu\/files\/2013\/03\/kadewekoch.jpg\"><img class=\"size-medium wp-image-321\" title=\"kadewekoch\" src=\"https:\/\/karafiathorsolya.cafeblog.hu\/files\/2013\/03\/kadewekoch-300x225.jpg\" alt=\"\" width=\"300\" height=\"225\" \/><\/a> Forr\u00e1s: visitberlin.de[\/caption]\r\n\r\nJ\u00f3 h\u00edr a fanatikusoknak, hogy egy ideje \u2013 tal\u00e1n f\u00e9l \u00e9ve a <a href=\"http:\/\/www.tkmaxx.de\/\">T-k Maxx<\/a>\u00a0is fel\u00fct\u00f6tte a fej\u00e9t N\u00e9metorsz\u00e1gban. Itt ugye a nagy m\u00e1rk\u00e1kat vehetj\u00fck meg, minimum hatvan sz\u00e1zal\u00e9kkal olcs\u00f3bban. Kedvencem a Wilmersdorfer elej\u00e9n a nagy (Neunk\u00f6llnben csak egy kicsi van), itt k\u00fcl\u00f6n szekci\u00f3 a luxus\u00e9, GoldLabel c\u00edmk\u00e9vel ell\u00e1tva. De aki t\u00e9nyleg nagyon olcs\u00f3n akar isteni rucikhoz (\u00e9s lakberendez\u00e9si cuccokhoz is) jutni, annak a helye szint\u00e9n Neuk\u00f6llnben van, ahol egy hatalmas, h\u00e1rom szintes \u00e1ruh\u00e1zban t\u00e9nyleg fill\u00e9rek\u00e9rt k\u00edn\u00e1lj\u00e1k a <a href=\"http:\/\/www.karstadt.de\/jsp\/filialen\/berlin-neukoelln-schnaeppchen-center.jsp\">Karstadt<\/a> megmaradt k\u00e9szlet\u00e9t, csod\u00e1s dolgokat!!!!\r\n\r\nAkik a kisebb, egyedi m\u00e1rk\u00e1kat kedvelik, ki ne hagyj\u00e1k a <a href=\"http:\/\/www.hackesche-hoefe.com\">H\u00e4ckesher H\u00f6fe<\/a>-t \u00e9s a k\u00f6rny\u00e9k\u00e9t! Van itt minden, kis fanyulakat k\u00edn\u00e1l\u00f3 minibutik (kedvenc utc\u00e1mban, a Sophien-ben), a Freitag nagy showroomja, nosztalgia\u00fczlet \u00e9s cip\u0151manufakt\u00fara. Kil\u00e9pv\u00e9n szemben a felt\u0171n\u0151 \u00e9kszerek szerelmeseit v\u00e1rja a <a href=\"http:\/\/www.tukadu.com\/\">Tukadu<\/a>. Nos, ha valaki egy komplett n\u0151i est\u00e9lyi ruh\u00e1t, vagy \u00e9ppen egy kalick\u00e1ban \u00fcl\u0151 csontv\u00e1zat szeretne a f\u00fcl\u00e9be, itt megtal\u00e1lja\u2026 Lezser cuccokat a <a href=\"http:\/\/wkbambi.wordpress.com\">Who killed Bambiban<\/a>\u00a0egy\u00fcnk, \u00f6tletesek \u00e9s j\u00f3 \u00e1ron vannak. Annyi a berlini tervez\u0151, hogy igaz\u00e1n neh\u00e9z k\u00f6z\u00fcl\u00fck egyre r\u00e1b\u00f6kni, de szem\u00e9lyes tippem az egyre n\u00e9pszer\u0171bb <a href=\"http:\/\/www.lalaberlin.com\">Lala Berlin<\/a>. Kisebb neveket, de nagyobb meglepet\u00e9seket tartogat, ha elindulunk a Hermannstrasse-t\u0151l a Karl Marx-on Kreuzk\u00f6llnben kalandozni (a helyiek h\u00edvj\u00e1k \u00edgy viccesen a k\u00e9t v\u00e1rosr\u00e9sz lasan egybeolvadt vid\u00e9k\u00e9t, ahol a v\u00e1rosvezet\u00e9s, hogy fejl\u0151dj\u00f6n a k\u00f6rny\u00e9k, sokat inveszt\u00e1lt, p\u00e9ld\u00e1ul f\u00e9l \u00e9vre csup\u00e1n rezsi\u00e9rt odaadta\r\naz \u00fczlethelyis\u00e9geket, csak hogy a tervez\u0151k kimenjenek ide \u2013 \u00e9s ez az akci\u00f3 sikerrel is j\u00e1rt\u2026)\r\n\r\n[caption id=\"attachment_322\" align=\"alignnone\" width=\"600\"]<a href=\"https:\/\/karafiathorsolya.cafeblog.hu\/files\/2013\/03\/IMG_2630.jpg\"><img class=\"size-large wp-image-322 \" title=\"IMG_2630\" src=\"https:\/\/karafiathorsolya.cafeblog.hu\/files\/2013\/03\/IMG_2630-600x450.jpg\" alt=\"\" width=\"600\" height=\"450\" \/><\/a> Forr\u00e1s: visitberlin.de[\/caption]\r\n\r\n<strong>Vintage!<\/strong>\r\n\r\nHa lenne bennem v\u00e1llalkoz\u00e1si kedv \u00e9s akadna n\u00e9mi \u00fczleti \u00e9rz\u00e9kem, biztosan haszn\u00e1ltruha \u00fczletet nyitn\u00e9k Berlinben. Nagyon tetszik, hogy itt kev\u00e9s van, de azok igaz\u00e1n \u00e9rdekesek. Az \u00fczenet itt nem arr\u00f3l sz\u00f3l, hogy aki nem tud mag\u00e1nak \u00faj ruh\u00e1t venni (n\u00e1lunk nem v\u00e9letlen\u00fcl van tele a v\u00e1ros ezekkel), azok is kin\u00e9zzenek valahogy, hanem arr\u00f3l, hogy az igazi st\u00edlusunkat megtal\u00e1lhassuk. \u00c9pp ez\u00e9rt ezeknek a boltoknak a t\u00f6bbs\u00e9ge kimondottan vintage butik, \u00e9s az \u00e1raik messze felette vannak p\u00e9ld\u00e1ul a le\u00e9rt\u00e9kelt \u00faj ruh\u00e1kat k\u00edn\u00e1l\u00f3 \u00fczleteknek. Igen gyakori a vintage p\u00e1ros\u00edt\u00e1sa helyi designerek produltumaival, mint p\u00e9ld\u00e1ul a <a href=\"http:\/\/www.waahnsinn-berlin.de\/\">Waahnsinn<\/a> is a belv\u00e1ros sz\u00edv\u00e9ben, a Rosenthaleren. Isteni a design: mintha az NDK-ba \u00e9rkezn\u00e9nk, \u00e9s nem csak ruh\u00e1kat, hanem r\u00e9gi haszn\u00e1lati t\u00e1rgyakat is begy\u0171jthet\u00fcnk. Mondjuk az \u00e1rakt\u00f3l kaphatunk egy kisebbfajta sz\u00edvsz\u00e9lh\u0171d\u00e9st, mert egy m\u0171sz\u0151r sapka beleker\u00fcl vagy 50 EUR-ba, \u00e9s nagyap\u00e1nk meleg\u00edt\u0151als\u00f3j\u00e1\u00e9rt is egy kisebb vagyont elk\u00e9rnek, de h\u00e1t ez a retro\u2026 Hasonl\u00f3ban nyomul a Volksb\u00fchne k\u00f6rny\u00e9k\u00e9n az <a href=\"www.vintage-alex.com\">Alex Vintage<\/a>\u00a0\u00e9s a legn\u00e9pszer\u0171bb shop, a Made in Berlin is, a Neue Sch\u00f6nhauser 19 \u2013ben. Az \u00e9n k\u00e9t kedvencem Kreutzberg-ben van, a Checkpoint second hand a Mehringdamm-n\u00e1l, \u00e9s ha lejebb megy\u00fcnk a Gneisenaustrasse fel\u00e9, a kilences sz\u00e1m alatt r\u00e1akadunk a m\u00f3k\u00e1s nev\u0171 Bonnie &amp; Kleid-ra.\r\n\r\n[caption id=\"attachment_325\" align=\"alignnone\" width=\"600\"]<a href=\"https:\/\/karafiathorsolya.cafeblog.hu\/files\/2013\/03\/IMG_2631.jpg\"><img class=\"size-large wp-image-325\" title=\"IMG_2631\" src=\"https:\/\/karafiathorsolya.cafeblog.hu\/files\/2013\/03\/IMG_2631-600x450.jpg\" alt=\"\" width=\"600\" height=\"450\" \/><\/a> Fot\u00f3: visitberlin.de[\/caption]\r\n\r\nA piacokat viszont azoknak is \u00e9rdemes megtekintenie, akik nem rajonganak a vintage-shop-ok\u00e9rt, sz\u00f3rakoz\u00e1snak sem utols\u00f3ak. (Egyszer m\u00e1r \u00edrtam r\u00f3luk az nlc-n, a cikk <a href=\"http:\/\/www.nlcafe.hu\/szabadido\/20110115\/berlin_20_-_egy_orulten_pezsgo_nap_margojara\/#step1\">itt<\/a>. Az\u00f3ta m\u00e9g egy \u00e9lm\u00e9nnyel gazdagodtam, a t\u00f6r\u00f6k \u00e9telpiacok vil\u00e1g\u00e1nak megismer\u00e9s\u00e9vel. Az egyik \u2013 tal\u00e1n legnagyobb \u2013 a York Strasse-n\u00e1l, nem sokkal a metr\u00f3felj\u00e1r\u00f3 ut\u00e1n van, szombatonk\u00e9nt. Hang ut\u00e1n \u00e9rdemes t\u00e1j\u00e9koz\u00f3dni, \u00e9s nagy bev\u00e1s\u00e1rl\u00f3 szatyrokkal \u00e9rkezni. Szinte le\u00fcv\u00f6ltik a fejedet, \u00fagy tukm\u00e1lj\u00e1k r\u00e1d a mang\u00f3t \u00e9s az avok\u00e1d\u00f3t, az alm\u00e1t \u00e9s az anan\u00e1szt, doboz\u00e1ban 1 EUR-\u00e9rt. M\u00faltkor \u00e9n p\u00e9ld\u00e1ul szilv\u00e1t egy\u00e1ltal\u00e1n nem \u00f3hajtottam venni, de mikor egy bajszos valaki r\u00e1m rivallt, hogy \u201eegy eur\u00f3\u201d, komolyan megijedtem. Persze egy\u00e1ltal\u00e1n nem f\u00e9lelmetes az eg\u00e9sz, ink\u00e1bb vicces, hamar r\u00e1 lehet \u00e1llni. Ha \u201emegtal\u00e1lod a hangot\u201d, ez lesz az egyik legsz\u00f3rakoztat\u00f3bb bev\u00e1s\u00e1rl\u00e1si forma\u2026","type":"rich"}