{"version":"1.0","provider_name":"Berlin Style","provider_url":"https:\/\/karafiathorsolya.cafeblog.hu","author_name":"karafiathorsolya","author_url":"https:\/\/karafiathorsolya.cafeblog.hu\/author\/karafiathorsolya-2\/","title":"Tom, az avatar","html":"Magamt\u00f3l nem mentem volna el a <a href=\"http:\/\/www.sdtb.de\/\">technikat\u00f6rt\u00e9neti m\u00fazeumba<\/a>, gondolv\u00e1n, mit \u00e9rdekel ez engem. De a bar\u00e1taim elcs\u00e1b\u00edtottak, \u00e9s mondhatom, csod\u00e1latos \u00e9lm\u00e9ny volt. K\u00e9t-h\u00e1rom \u00f3r\u00e1t sz\u00e1njunk r\u00e1, f\u0151leg, ha gyerekekkel \u00e9rkez\u00fcnk. Nekik igazi paradicsom.\r\n\r\n<a href=\"https:\/\/karafiathorsolya.cafeblog.hu\/files\/2013\/02\/mit2.jpg\"><img class=\"alignleft size-medium wp-image-184\" title=\"mit\" src=\"https:\/\/karafiathorsolya.cafeblog.hu\/files\/2013\/02\/mit2-300x199.jpg\" alt=\"\" width=\"300\" height=\"199\" \/><\/a>A Technikmuseum a v\u00e1ros sz\u00edv\u00e9ben van, a Gleisdrei-eck vagy a M\u00f6ckernbr\u00fccke meg\u00e1ll\u00f3n\u00e1l kell lesz\u00e1llni hozz\u00e1, mindkett\u0151t\u0151l egyforma hamar el\u00e9rhet\u0151. \u00c1m belv\u00e1ros ide vagy oda, a U-Bahn-r\u00f3l lesz\u00e1llva egy\u00e1ltal\u00e1n nem egy v\u00e1rosias vid\u00e9ken tal\u00e1lhatjuk magunkat, hanem eredeti indusztri\u00e1lis k\u00f6rnyezetben, ami engem egyszer\u0171en leny\u0171g\u00f6z. J\u00f3l ki van t\u00e1bl\u00e1zva minden a komor gy\u00e1r\u00e9p\u00fcletek k\u00f6z\u00f6tt, k\u00f6nnyen tal\u00e1ljuk a m\u00fazeumot, ett\u0151l ne f\u00e9lj\u00fcnk. (A n\u0151knek kiss\u00e9 vesz\u00e9lyes a terep, \u00fatk\u00f6zben egy hatalmas fashion komplexum tal\u00e1lhat\u00f3, \u00e9s n\u00e9zel\u0151d\u00e9sre cs\u00e1b\u00edt.)\r\n\r\nA n\u00e9gy szinten tal\u00e1lhat\u00f3 l\u00e1tnival\u00f3k beszippantanak. Az als\u00f3 csarnokokban a n\u00e9met vas\u00fat fejl\u0151d\u00e9s\u00e9t k\u00f6vethetj\u00fck nyomon, de nem \u00e1m ak\u00e1rhogyan! Mozdonyok \u00e9s korabeli szerelv\u00e9nyek mindenfel\u00e9. Igaz\u00e1n leny\u0171g\u00f6z\u0151 p\u00e9ld\u00e1ul egy, a vas\u00fat h\u0151skor\u00e1b\u00f3l sz\u00e1rmaz\u00f3 vagonba besz\u00e1llni, \u00e9s megn\u00e9zni az 1800-as \u00e9vek luxus\u00e1t, a bord\u00f3 b\u00e1rsonypamlagokat, amilyeneket csak koszt\u00fcm\u00f6s filmekben l\u00e1thatunk. \u00c9s mellette a nem ennyire el\u0151kel\u0151 utasok val\u00f3di fapados f\u00fclk\u00e9it, amelyekben der\u00e9k-k\u00ednz\u00f3 lehetett a hossz\u00fa utaz\u00e1s. A legszebb darab egy csupa d\u00edsz \u00e9s pompa szerelv\u00e9ny, Vilmos cs\u00e1sz\u00e1r szem\u00e9lyes \u00fati-szent\u00e9lye. Ez el\u0151tt vagy t\u00edz percig \u00e1lldog\u00e1ltam. Mintha egy mozg\u00f3 budo\u00e1r \u00e9s b\u00e1lterem kever\u00e9ke lenne. Eg\u00e9szen a nyolcvanas \u00e9vekig \u201eutazhatunk\u201d, \u00e1ttekintve a kelet \u00e9s a nyugat k\u00edn\u00e1lat\u00e1t. D\u00f6bbenetes volt megtal\u00e1lni egy r\u00e9gi Mitropa mozdonyt\u2026 M\u00e9g ilyennel utaztam annak idej\u00e9n, 1986-ban ide.\r\n\r\n<a href=\"https:\/\/karafiathorsolya.cafeblog.hu\/files\/2013\/02\/elektrischeeisenbahn.jpg\"><img class=\"alignnone size-full wp-image-176\" title=\"elektrischeeisenbahn\" src=\"https:\/\/karafiathorsolya.cafeblog.hu\/files\/2013\/02\/elektrischeeisenbahn.jpg\" alt=\"\" width=\"600\" height=\"399\" \/><\/a>\r\n\r\nA negyedik \u00e9s harmadik szinten a fot\u00f3z\u00e1s\u00e9 \u00e9s a filmez\u00e9s\u00e9 a f\u0151szerep. Ez is igazi j\u00e1tsz\u00f3t\u00e9r a gyerekeknek, n\u00e9zegetik sz\u00e1jt\u00e1tva a h\u00e1romdimenzi\u00f3s fot\u00f3kat, j\u00e1tszanak a filmt\u00f6rt\u00e9neti \u0151skor p\u00f6rgethet\u0151 foto-filmjeivel. De a f\u0151 \u0151r\u00fclet az \u201e\u00e9l\u0151\u201d avatar. Pr\u00f3b\u00e1ltuk fot\u00f3zni, ami ilyen sz\u00fcrre\u00e1lis jelens\u00e9gn\u00e9l kiss\u00e9 neh\u00e9z, de a l\u00e9nyeg, hogy Tom (\u00edgy mutatkozik be) feje el\u0151tt\u00fcnk lebeg a semmiben, \u00e9s megsz\u00f3lal\u00e1sig (s\u0151t azon t\u00fal is) olyan, mintha \u00e9lne. A kicsik alig hisznek a szem\u00fcknek, pr\u00f3b\u00e1lj\u00e1k megfogni, meg\u00e9rinteni, de persze egy vet\u00edtett k\u00e9pet lehetetlen.\r\n\r\nAz els\u0151 emelet gy\u00f3gyszert\u00f6rt\u00e9neti t\u00e1rlata \u00e1ltal\u00e1nos \u00e9rdektelens\u00e9gbe fullad, nem \u00fagy a k\u00fcls\u0151 helysz\u00ednen, a m\u00fazeum m\u00e1sik \u00e9p\u00fclet\u00e9ben tal\u00e1lhat\u00f3 id\u0151szaki ki\u00e1ll\u00edt\u00e1s, ami az aut\u00f3z\u00e1s t\u00f6rt\u00e9net\u00e9t mutatja be, a legels\u0151 Benz kocsit\u00f3l a hatvanas \u00e9vek hibridaut\u00f3in \u00e1t a trabantig\u2026\r\n\r\nHa v\u00e9gigj\u00e1rtunk mindent, j\u00f3l esik egy k\u00e1v\u00e9 a m\u00fazeum k\u00fcl\u00f6nleges k\u00e1v\u00e9z\u00f3j\u00e1ban, a Caf\u00e9 Anhalt-ban, amit t\u00e9nyleg sz\u00edvb\u0151l aj\u00e1nlok. Nemcsak a k\u00e1v\u00e9, a levesek is kiv\u00e1l\u00f3ak\u2026","type":"rich"}